{"id":7291,"date":"2022-09-12T12:10:49","date_gmt":"2022-09-12T10:10:49","guid":{"rendered":"https:\/\/easd.es\/oferta-formativa\/oferta-modular\/taller-de-dourado-e-prateado\/"},"modified":"2024-01-16T09:22:12","modified_gmt":"2024-01-16T08:22:12","slug":"taller-de-dorado-y-plateado","status":"publish","type":"page","link":"https:\/\/easd.es\/es\/oferta-formativa\/oferta-modular\/taller-de-dorado-y-plateado\/","title":{"rendered":"Taller de Dorado y Plateado"},"content":{"rendered":"<p>[et_pb_section fb_built=\u00bb1&#8243; custom_padding_last_edited=\u00bbon|phone\u00bb _builder_version=\u00bb4.16&#8243; _module_preset=\u00bbdefault\u00bb background_enable_color=\u00bboff\u00bb custom_margin=\u00bb||||false|false\u00bb custom_margin_tablet=\u00bb-40px||||false|false\u00bb custom_margin_phone=\u00bb\u00bb custom_margin_last_edited=\u00bbon|tablet\u00bb custom_padding=\u00bb0px||0px||true|false\u00bb custom_padding_tablet=\u00bb0px|5px|0px|5px|true|true\u00bb custom_padding_phone=\u00bb\u00bb global_colors_info=\u00bb{}\u00bb][et_pb_row _builder_version=\u00bb4.18.0&#8243; _module_preset=\u00bbdefault\u00bb background_color=\u00bbrgba(0,0,0,0.2)\u00bb background_image=\u00bbhttps:\/\/easd.es\/wp-content\/uploads\/2022\/09\/JAF8420-scaled.jpg\u00bb background_blend=\u00bboverlay\u00bb min_height=\u00bb200px\u00bb min_height_tablet=\u00bb\u00bb min_height_phone=\u00bb\u00bb min_height_last_edited=\u00bbon|phone\u00bb max_height=\u00bb200px\u00bb max_height_tablet=\u00bb\u00bb max_height_phone=\u00bb\u00bb max_height_last_edited=\u00bbon|tablet\u00bb custom_padding=\u00bb0px||0px||true|false\u00bb global_colors_info=\u00bb{}\u00bb][et_pb_column type=\u00bb4_4&#8243; _builder_version=\u00bb4.16&#8243; _module_preset=\u00bbdefault\u00bb global_colors_info=\u00bb{}\u00bb][et_pb_text _builder_version=\u00bb4.16&#8243; _module_preset=\u00bbdefault\u00bb text_font=\u00bbMontserrat|500|||||||\u00bb text_text_color=\u00bb#ffffff\u00bb text_font_size=\u00bb33px\u00bb background_enable_color=\u00bboff\u00bb background_enable_image=\u00bboff\u00bb background_position=\u00bbcenter_right\u00bb text_orientation=\u00bbright\u00bb width=\u00bb50%\u00bb width_tablet=\u00bb50%\u00bb width_phone=\u00bb50%\u00bb width_last_edited=\u00bbon|phone\u00bb module_alignment=\u00bbright\u00bb height=\u00bb100%\u00bb custom_padding=\u00bb150px|50px|30px||false|false\u00bb custom_padding_tablet=\u00bb90px||30px||false|false\u00bb custom_padding_phone=\u00bb60px|20px|20px||false|false\u00bb custom_padding_last_edited=\u00bbon|phone\u00bb text_font_size_tablet=\u00bb28px\u00bb text_font_size_phone=\u00bb22px\u00bb text_font_size_last_edited=\u00bbon|phone\u00bb text_orientation_tablet=\u00bb\u00bb text_orientation_phone=\u00bbcenter\u00bb text_orientation_last_edited=\u00bbon|phone\u00bb global_colors_info=\u00bb{}\u00bb][\/et_pb_text][\/et_pb_column][\/et_pb_row][\/et_pb_section][et_pb_section fb_built=\u00bb1&#8243; custom_padding_last_edited=\u00bbon|tablet\u00bb _builder_version=\u00bb4.16&#8243; _module_preset=\u00bbdefault\u00bb custom_padding=\u00bb40px||0px||false|false\u00bb custom_padding_tablet=\u00bb30px|10px||10px|false|true\u00bb custom_padding_phone=\u00bb20px||0px||false|true\u00bb global_colors_info=\u00bb{}\u00bb][et_pb_row _builder_version=\u00bb4.16&#8243; _module_preset=\u00bbdefault\u00bb custom_padding=\u00bb0px||||false|false\u00bb global_colors_info=\u00bb{}\u00bb][et_pb_column type=\u00bb4_4&#8243; _builder_version=\u00bb4.16&#8243; _module_preset=\u00bbdefault\u00bb global_colors_info=\u00bb{}\u00bb][et_pb_code _builder_version=\u00bb4.16&#8243; _module_preset=\u00bbdefault\u00bb global_colors_info=\u00bb{}\u00bb]<\/p>\n<h1 class=\"tit-pag\"><!-- [et_pb_line_break_holder] -->  Taller de Dorado y Plateado <\/h1>\n<p><!-- [et_pb_line_break_holder] --><\/p>\n<div class=\"migasdepan\"><!-- [et_pb_line_break_holder] --><a class=\"migas01\" href=\"https:\/\/easd.es\/es\/oferta-formativa\/\">Oferta formativa<\/a> > <a class=\"migas01\" href=\"https:\/\/easd.es\/es\/oferta-formativa\/oferta-modular\/\">Oferta modular<\/a> > Taller de Dorado y Plateado <\/div>\n<p>[\/et_pb_code][\/et_pb_column][\/et_pb_row][et_pb_row column_structure=\u00bb1_4,1_4,1_4,1_4&#8243; custom_padding_last_edited=\u00bbon|phone\u00bb _builder_version=\u00bb4.16&#8243; _module_preset=\u00bbdefault\u00bb custom_padding=\u00bb80px||80px||true|false\u00bb custom_padding_tablet=\u00bb40px||40px||true|false\u00bb custom_padding_phone=\u00bb20px||0px||false|false\u00bb global_colors_info=\u00bb{}\u00bb][et_pb_column type=\u00bb1_4&#8243; _builder_version=\u00bb4.16&#8243; _module_preset=\u00bbdefault\u00bb global_colors_info=\u00bb{}\u00bb][et_pb_image src=\u00bbhttps:\/\/easd.es\/wp-content\/uploads\/2021\/05\/icon-gorro.png\u00bb title_text=\u00bbicon-gorro\u00bb align=\u00bbcenter\u00bb _builder_version=\u00bb4.16&#8243; _module_preset=\u00bbdefault\u00bb max_height=\u00bb35px\u00bb custom_margin=\u00bb||15px||false|false\u00bb global_colors_info=\u00bb{}\u00bb][\/et_pb_image][et_pb_text _builder_version=\u00bb4.16&#8243; _module_preset=\u00bbdefault\u00bb text_font=\u00bbMontserrat|300|||||||\u00bb text_font_size=\u00bb15px\u00bb text_line_height=\u00bb1.5em\u00bb text_orientation=\u00bbcenter\u00bb global_colors_info=\u00bb{}\u00bb]<\/p>\n<p><strong>TITULACI\u00d3N<\/strong><br \/>M\u00f3dulos do Ciclo Superior de Dourado e Policrom\u00eda<\/p>\n<p>[\/et_pb_text][\/et_pb_column][et_pb_column type=\u00bb1_4&#8243; _builder_version=\u00bb4.16&#8243; _module_preset=\u00bbdefault\u00bb global_colors_info=\u00bb{}\u00bb][et_pb_image src=\u00bbhttps:\/\/easd.es\/wp-content\/uploads\/2021\/05\/icon-reloj.png\u00bb title_text=\u00bbicon-reloj\u00bb align=\u00bbcenter\u00bb _builder_version=\u00bb4.16&#8243; _module_preset=\u00bbdefault\u00bb max_height=\u00bb35px\u00bb custom_margin=\u00bb||15px||false|false\u00bb global_colors_info=\u00bb{}\u00bb][\/et_pb_image][et_pb_text _builder_version=\u00bb4.16&#8243; _module_preset=\u00bbdefault\u00bb text_font=\u00bbMontserrat|300|||||||\u00bb text_font_size=\u00bb15px\u00bb text_line_height=\u00bb1.5em\u00bb text_orientation=\u00bbcenter\u00bb global_colors_info=\u00bb{}\u00bb]<\/p>\n<p><strong>DURACI\u00d3N<\/strong><br \/>1 curso acad\u00e9mico<\/p>\n<p>[\/et_pb_text][\/et_pb_column][et_pb_column type=\u00bb1_4&#8243; _builder_version=\u00bb4.16&#8243; _module_preset=\u00bbdefault\u00bb global_colors_info=\u00bb{}\u00bb][et_pb_image src=\u00bbhttps:\/\/easd.es\/wp-content\/uploads\/2022\/09\/etcs-1.png\u00bb title_text=\u00bbetcs-1&#8243; align=\u00bbcenter\u00bb _builder_version=\u00bb4.16&#8243; _module_preset=\u00bbdefault\u00bb max_height=\u00bb35px\u00bb custom_margin=\u00bb||15px||false|false\u00bb global_colors_info=\u00bb{}\u00bb][\/et_pb_image][et_pb_text _builder_version=\u00bb4.16&#8243; _module_preset=\u00bbdefault\u00bb text_font=\u00bbMontserrat|300|||||||\u00bb text_font_size=\u00bb15px\u00bb text_line_height=\u00bb1.5em\u00bb text_orientation=\u00bbcenter\u00bb global_colors_info=\u00bb{}\u00bb]<\/p>\n<p><strong>N\u00ba CR\u00c9DITOS<\/strong><br \/>12<\/p>\n<p>[\/et_pb_text][\/et_pb_column][et_pb_column type=\u00bb1_4&#8243; _builder_version=\u00bb4.16&#8243; _module_preset=\u00bbdefault\u00bb global_colors_info=\u00bb{}\u00bb][et_pb_image src=\u00bbhttps:\/\/easd.es\/wp-content\/uploads\/2021\/05\/icon-profesor.png\u00bb title_text=\u00bbicon-profesor\u00bb align=\u00bbcenter\u00bb _builder_version=\u00bb4.16&#8243; _module_preset=\u00bbdefault\u00bb max_height=\u00bb35px\u00bb custom_margin=\u00bb||15px||false|false\u00bb global_colors_info=\u00bb{}\u00bb][\/et_pb_image][et_pb_text _builder_version=\u00bb4.16&#8243; _module_preset=\u00bbdefault\u00bb text_font=\u00bbMontserrat|300|||||||\u00bb text_font_size=\u00bb15px\u00bb text_line_height=\u00bb1.5em\u00bb text_orientation=\u00bbcenter\u00bb global_colors_info=\u00bb{}\u00bb]<\/p>\n<p><strong>CAR\u00c1CTER<\/strong><br \/>Presencial<\/p>\n<p>[\/et_pb_text][\/et_pb_column][\/et_pb_row][\/et_pb_section][et_pb_section fb_built=\u00bb1&#8243; custom_padding_last_edited=\u00bbon|phone\u00bb _builder_version=\u00bb4.16&#8243; _module_preset=\u00bbdefault\u00bb custom_padding=\u00bb0px||||false|false\u00bb custom_padding_tablet=\u00bb20px|10px||10px|false|true\u00bb custom_padding_phone=\u00bb20px||||false|true\u00bb global_colors_info=\u00bb{}\u00bb][et_pb_row custom_padding_last_edited=\u00bbon|phone\u00bb _builder_version=\u00bb4.16&#8243; _module_preset=\u00bbdefault\u00bb custom_padding=\u00bb0px||0px||true|false\u00bb custom_padding_tablet=\u00bb\u00bb custom_padding_phone=\u00bb\u00bb global_colors_info=\u00bb{}\u00bb][et_pb_column type=\u00bb4_4&#8243; _builder_version=\u00bb4.16&#8243; _module_preset=\u00bbdefault\u00bb global_colors_info=\u00bb{}\u00bb][et_pb_tabs active_tab_background_color=\u00bb#1d1d1d\u00bb active_tab_text_color=\u00bb#ffffff\u00bb _builder_version=\u00bb4.20.4&#8243; _module_preset=\u00bbdefault\u00bb tab_text_color=\u00bb#1d1d1d\u00bb body_font=\u00bbMontserrat|300|||||||\u00bb body_line_height=\u00bb1.5em\u00bb body_font_size_tablet=\u00bb\u00bb body_font_size_phone=\u00bb16px\u00bb body_font_size_last_edited=\u00bbon|desktop\u00bb body_line_height_tablet=\u00bb\u00bb body_line_height_phone=\u00bb\u00bb body_line_height_last_edited=\u00bbon|phone\u00bb tab_font_size_tablet=\u00bb12px\u00bb tab_font_size_phone=\u00bb\u00bb tab_font_size_last_edited=\u00bbon|tablet\u00bb border_width_all=\u00bb0px\u00bb global_colors_info=\u00bb{}\u00bb][et_pb_tab title=\u00bbPROGRAMA\u00bb _builder_version=\u00bb4.20.4&#8243; _module_preset=\u00bbdefault\u00bb custom_padding=\u00bb20px||||false|false\u00bb global_colors_info=\u00bb{}\u00bb]<\/p>\n<p>El dorado y plateado son t\u00e9cnicas decorativas que consisten en la aplicaci\u00f3n de una capa muy fina de oro o plata en cualquier tipo de soporte.<\/p>\n<p>El ciclo formativo de grado superior correspondiente al t\u00edtulo de t\u00e9cnico superior de Artes Pl\u00e1sticas y Dise\u00f1o en Dorado, Plateado y Policrom\u00eda est\u00e1 integrado por m\u00f3dulos de duraci\u00f3n variable que cobren aspectos da formaci\u00f3n del alumnado, concebidos como \u00e1reas homog\u00e9neas de conocimiento, capacidades y habilidades.<\/p>\n<p>El Modular de Dorado y Plateado se trata de uno de los m\u00f3dulos de este ciclo formativo, y consiste en un taller de seis horas semanales que est\u00e1 centrado exclusivamente en estas t\u00e9cnicas.<\/p>\n<p>Adem\u00e1s, si as\u00ed lo desea, el alumnado que supere este m\u00f3dulo, puede completar en el futuro su formaci\u00f3n como t\u00e9cnico superior de Artes Pl\u00e1sticas y Dise\u00f1o en Dorado, Plateado y Policrom\u00eda realizando otros modulares que forman parte del programa de este Ciclo Formativo de Grado Superior en otros centros de la Red de Escuelas de Arte y Superiores de Dise\u00f1o de Galicia, sin tener que volver a realizar el m\u00f3dulo correspondiente a Dorado e Plateado.<\/p>\n<p>&nbsp;<\/p>\n<p>[\/et_pb_tab][et_pb_tab title=\u00bbCAMPO PROFESIONAL\u00bb _builder_version=\u00bb4.20.4&#8243; _module_preset=\u00bbdefault\u00bb custom_padding=\u00bb20px||||false|false\u00bb global_colors_info=\u00bb{}\u00bb]<\/p>\n<p style=\"padding-bottom: 0px;\"><img decoding=\"async\" class=\"alignright wp-image-1578\" src=\"https:\/\/easd.es\/wp-content\/uploads\/2022\/04\/modular-dourado-01.jpg\" alt=\"\" width=\"450\" height=\"auto\" \/><\/p>\n<h3>\u00a0<\/h3>\n<p>La persona que finalice este Taller en Dorado y Plateado puede ejercer su profesi\u00f3n en el sector artesano relacionado con los proyectos de realizaci\u00f3n de dorado en obras art\u00edsticas o artesanales, en el sector de las artes pl\u00e1sticas y en otros sectores de producci\u00f3n industrial.<\/p>\n<p>Esta persona estar\u00e1 cualificada para desarrollar los siguientes puestos de trabajo y ocupaciones:<\/p>\n<p>&nbsp;<\/p>\n<ul>\n<li>Persona empleada en un taller de dorado y plateado<\/li>\n<li>Dorador\/a y plateador\/a de obras art\u00edsticas.<\/li>\n<li>Decorador\/a de obras art\u00edsticas de dorado.<\/li>\n<\/ul>\n<p>[\/et_pb_tab][\/et_pb_tabs][\/et_pb_column][\/et_pb_row][\/et_pb_section]<\/p>\n","protected":false},"excerpt":{"rendered":"<p>TITULACI\u00d3NM\u00f3dulos do Ciclo Superior de Dourado e Policrom\u00edaDURACI\u00d3N1 curso acad\u00e9micoN\u00ba CR\u00c9DITOS12CAR\u00c1CTERPresencialEl dorado y plateado son t\u00e9cnicas decorativas que consisten en la aplicaci\u00f3n de una capa muy fina de oro o plata en cualquier tipo de soporte. El ciclo formativo de grado superior correspondiente al t\u00edtulo de t\u00e9cnico superior de Artes Pl\u00e1sticas y Dise\u00f1o en Dorado, [&hellip;]<\/p>\n","protected":false},"author":3,"featured_media":0,"parent":3558,"menu_order":0,"comment_status":"closed","ping_status":"closed","template":"","meta":{"_acf_changed":false,"_et_pb_use_builder":"on","_et_pb_old_content":"","_et_gb_content_width":"","footnotes":""},"class_list":["post-7291","page","type-page","status-publish","hentry"],"acf":[],"yoast_head":"<!-- This site is optimized with the Yoast SEO plugin v24.6 - https:\/\/yoast.com\/wordpress\/plugins\/seo\/ -->\n<title>Taller de Dorado y Plateado - EASD MESTRE MATEO<\/title>\n<meta name=\"robots\" content=\"index, follow, max-snippet:-1, max-image-preview:large, max-video-preview:-1\" \/>\n<link rel=\"canonical\" href=\"https:\/\/easd.es\/es\/oferta-formativa\/oferta-modular\/taller-de-dorado-y-plateado\/\" \/>\n<meta property=\"og:locale\" content=\"es_ES\" \/>\n<meta property=\"og:type\" content=\"article\" \/>\n<meta property=\"og:title\" content=\"Taller de Dorado y Plateado - EASD MESTRE MATEO\" \/>\n<meta property=\"og:description\" content=\"TITULACI\u00d3NM\u00f3dulos do Ciclo Superior de Dourado e Policrom\u00edaDURACI\u00d3N1 curso acad\u00e9micoN\u00ba CR\u00c9DITOS12CAR\u00c1CTERPresencialEl dorado y plateado son t\u00e9cnicas decorativas que consisten en la aplicaci\u00f3n de una capa muy fina de oro o plata en cualquier tipo de soporte. El ciclo formativo de grado superior correspondiente al t\u00edtulo de t\u00e9cnico superior de Artes Pl\u00e1sticas y Dise\u00f1o en Dorado, [&hellip;]\" \/>\n<meta property=\"og:url\" content=\"https:\/\/easd.es\/es\/oferta-formativa\/oferta-modular\/taller-de-dorado-y-plateado\/\" \/>\n<meta property=\"og:site_name\" content=\"EASD MESTRE MATEO\" \/>\n<meta property=\"article:modified_time\" content=\"2024-01-16T08:22:12+00:00\" \/>\n<meta property=\"og:image\" content=\"https:\/\/easd.es\/wp-content\/uploads\/2022\/04\/modular-dourado-01.jpg\" \/>\n<meta name=\"twitter:card\" content=\"summary_large_image\" \/>\n<meta name=\"twitter:label1\" content=\"Tiempo de lectura\" \/>\n\t<meta name=\"twitter:data1\" content=\"3 minutos\" \/>\n<script type=\"application\/ld+json\" class=\"yoast-schema-graph\">{\"@context\":\"https:\/\/schema.org\",\"@graph\":[{\"@type\":\"WebPage\",\"@id\":\"https:\/\/easd.es\/es\/oferta-formativa\/oferta-modular\/taller-de-dorado-y-plateado\/\",\"url\":\"https:\/\/easd.es\/es\/oferta-formativa\/oferta-modular\/taller-de-dorado-y-plateado\/\",\"name\":\"Taller de Dorado y Plateado - EASD MESTRE MATEO\",\"isPartOf\":{\"@id\":\"https:\/\/easd.es\/#website\"},\"primaryImageOfPage\":{\"@id\":\"https:\/\/easd.es\/es\/oferta-formativa\/oferta-modular\/taller-de-dorado-y-plateado\/#primaryimage\"},\"image\":{\"@id\":\"https:\/\/easd.es\/es\/oferta-formativa\/oferta-modular\/taller-de-dorado-y-plateado\/#primaryimage\"},\"thumbnailUrl\":\"https:\/\/easd.es\/wp-content\/uploads\/2022\/04\/modular-dourado-01.jpg\",\"datePublished\":\"2022-09-12T10:10:49+00:00\",\"dateModified\":\"2024-01-16T08:22:12+00:00\",\"breadcrumb\":{\"@id\":\"https:\/\/easd.es\/es\/oferta-formativa\/oferta-modular\/taller-de-dorado-y-plateado\/#breadcrumb\"},\"inLanguage\":\"es\",\"potentialAction\":[{\"@type\":\"ReadAction\",\"target\":[\"https:\/\/easd.es\/es\/oferta-formativa\/oferta-modular\/taller-de-dorado-y-plateado\/\"]}]},{\"@type\":\"ImageObject\",\"inLanguage\":\"es\",\"@id\":\"https:\/\/easd.es\/es\/oferta-formativa\/oferta-modular\/taller-de-dorado-y-plateado\/#primaryimage\",\"url\":\"https:\/\/easd.es\/wp-content\/uploads\/2022\/04\/modular-dourado-01.jpg\",\"contentUrl\":\"https:\/\/easd.es\/wp-content\/uploads\/2022\/04\/modular-dourado-01.jpg\"},{\"@type\":\"BreadcrumbList\",\"@id\":\"https:\/\/easd.es\/es\/oferta-formativa\/oferta-modular\/taller-de-dorado-y-plateado\/#breadcrumb\",\"itemListElement\":[{\"@type\":\"ListItem\",\"position\":1,\"name\":\"Inicio\",\"item\":\"https:\/\/easd.es\/es\/\"},{\"@type\":\"ListItem\",\"position\":2,\"name\":\"Oferta Formativa\",\"item\":\"https:\/\/easd.es\/oferta-formativa\/\"},{\"@type\":\"ListItem\",\"position\":3,\"name\":\"Oferta Modular\",\"item\":\"https:\/\/easd.es\/oferta-formativa\/oferta-modular\/\"},{\"@type\":\"ListItem\",\"position\":4,\"name\":\"Taller de Dorado y Plateado\"}]},{\"@type\":\"WebSite\",\"@id\":\"https:\/\/easd.es\/#website\",\"url\":\"https:\/\/easd.es\/\",\"name\":\"EASD MESTRE MATEO\",\"description\":\"Escola de Arte e Superior de Dese\u00f1o Mestre Mateo\",\"publisher\":{\"@id\":\"https:\/\/easd.es\/#organization\"},\"potentialAction\":[{\"@type\":\"SearchAction\",\"target\":{\"@type\":\"EntryPoint\",\"urlTemplate\":\"https:\/\/easd.es\/?s={search_term_string}\"},\"query-input\":{\"@type\":\"PropertyValueSpecification\",\"valueRequired\":true,\"valueName\":\"search_term_string\"}}],\"inLanguage\":\"es\"},{\"@type\":\"Organization\",\"@id\":\"https:\/\/easd.es\/#organization\",\"name\":\"EASD\",\"url\":\"https:\/\/easd.es\/\",\"logo\":{\"@type\":\"ImageObject\",\"inLanguage\":\"es\",\"@id\":\"https:\/\/easd.es\/#\/schema\/logo\/image\/\",\"url\":\"https:\/\/easd.es\/wp-content\/uploads\/2020\/08\/Logotipo-Menu.jpg\",\"contentUrl\":\"https:\/\/easd.es\/wp-content\/uploads\/2020\/08\/Logotipo-Menu.jpg\",\"width\":219,\"height\":219,\"caption\":\"EASD\"},\"image\":{\"@id\":\"https:\/\/easd.es\/#\/schema\/logo\/image\/\"}}]}<\/script>\n<!-- \/ Yoast SEO plugin. -->","yoast_head_json":{"title":"Taller de Dorado y Plateado - EASD MESTRE MATEO","robots":{"index":"index","follow":"follow","max-snippet":"max-snippet:-1","max-image-preview":"max-image-preview:large","max-video-preview":"max-video-preview:-1"},"canonical":"https:\/\/easd.es\/es\/oferta-formativa\/oferta-modular\/taller-de-dorado-y-plateado\/","og_locale":"es_ES","og_type":"article","og_title":"Taller de Dorado y Plateado - EASD MESTRE MATEO","og_description":"TITULACI\u00d3NM\u00f3dulos do Ciclo Superior de Dourado e Policrom\u00edaDURACI\u00d3N1 curso acad\u00e9micoN\u00ba CR\u00c9DITOS12CAR\u00c1CTERPresencialEl dorado y plateado son t\u00e9cnicas decorativas que consisten en la aplicaci\u00f3n de una capa muy fina de oro o plata en cualquier tipo de soporte. El ciclo formativo de grado superior correspondiente al t\u00edtulo de t\u00e9cnico superior de Artes Pl\u00e1sticas y Dise\u00f1o en Dorado, [&hellip;]","og_url":"https:\/\/easd.es\/es\/oferta-formativa\/oferta-modular\/taller-de-dorado-y-plateado\/","og_site_name":"EASD MESTRE MATEO","article_modified_time":"2024-01-16T08:22:12+00:00","og_image":[{"url":"https:\/\/easd.es\/wp-content\/uploads\/2022\/04\/modular-dourado-01.jpg","type":"","width":"","height":""}],"twitter_card":"summary_large_image","twitter_misc":{"Tiempo de lectura":"3 minutos"},"schema":{"@context":"https:\/\/schema.org","@graph":[{"@type":"WebPage","@id":"https:\/\/easd.es\/es\/oferta-formativa\/oferta-modular\/taller-de-dorado-y-plateado\/","url":"https:\/\/easd.es\/es\/oferta-formativa\/oferta-modular\/taller-de-dorado-y-plateado\/","name":"Taller de Dorado y Plateado - EASD MESTRE MATEO","isPartOf":{"@id":"https:\/\/easd.es\/#website"},"primaryImageOfPage":{"@id":"https:\/\/easd.es\/es\/oferta-formativa\/oferta-modular\/taller-de-dorado-y-plateado\/#primaryimage"},"image":{"@id":"https:\/\/easd.es\/es\/oferta-formativa\/oferta-modular\/taller-de-dorado-y-plateado\/#primaryimage"},"thumbnailUrl":"https:\/\/easd.es\/wp-content\/uploads\/2022\/04\/modular-dourado-01.jpg","datePublished":"2022-09-12T10:10:49+00:00","dateModified":"2024-01-16T08:22:12+00:00","breadcrumb":{"@id":"https:\/\/easd.es\/es\/oferta-formativa\/oferta-modular\/taller-de-dorado-y-plateado\/#breadcrumb"},"inLanguage":"es","potentialAction":[{"@type":"ReadAction","target":["https:\/\/easd.es\/es\/oferta-formativa\/oferta-modular\/taller-de-dorado-y-plateado\/"]}]},{"@type":"ImageObject","inLanguage":"es","@id":"https:\/\/easd.es\/es\/oferta-formativa\/oferta-modular\/taller-de-dorado-y-plateado\/#primaryimage","url":"https:\/\/easd.es\/wp-content\/uploads\/2022\/04\/modular-dourado-01.jpg","contentUrl":"https:\/\/easd.es\/wp-content\/uploads\/2022\/04\/modular-dourado-01.jpg"},{"@type":"BreadcrumbList","@id":"https:\/\/easd.es\/es\/oferta-formativa\/oferta-modular\/taller-de-dorado-y-plateado\/#breadcrumb","itemListElement":[{"@type":"ListItem","position":1,"name":"Inicio","item":"https:\/\/easd.es\/es\/"},{"@type":"ListItem","position":2,"name":"Oferta Formativa","item":"https:\/\/easd.es\/oferta-formativa\/"},{"@type":"ListItem","position":3,"name":"Oferta Modular","item":"https:\/\/easd.es\/oferta-formativa\/oferta-modular\/"},{"@type":"ListItem","position":4,"name":"Taller de Dorado y Plateado"}]},{"@type":"WebSite","@id":"https:\/\/easd.es\/#website","url":"https:\/\/easd.es\/","name":"EASD MESTRE MATEO","description":"Escola de Arte e Superior de Dese\u00f1o Mestre Mateo","publisher":{"@id":"https:\/\/easd.es\/#organization"},"potentialAction":[{"@type":"SearchAction","target":{"@type":"EntryPoint","urlTemplate":"https:\/\/easd.es\/?s={search_term_string}"},"query-input":{"@type":"PropertyValueSpecification","valueRequired":true,"valueName":"search_term_string"}}],"inLanguage":"es"},{"@type":"Organization","@id":"https:\/\/easd.es\/#organization","name":"EASD","url":"https:\/\/easd.es\/","logo":{"@type":"ImageObject","inLanguage":"es","@id":"https:\/\/easd.es\/#\/schema\/logo\/image\/","url":"https:\/\/easd.es\/wp-content\/uploads\/2020\/08\/Logotipo-Menu.jpg","contentUrl":"https:\/\/easd.es\/wp-content\/uploads\/2020\/08\/Logotipo-Menu.jpg","width":219,"height":219,"caption":"EASD"},"image":{"@id":"https:\/\/easd.es\/#\/schema\/logo\/image\/"}}]}},"_links":{"self":[{"href":"https:\/\/easd.es\/es\/wp-json\/wp\/v2\/pages\/7291","targetHints":{"allow":["GET"]}}],"collection":[{"href":"https:\/\/easd.es\/es\/wp-json\/wp\/v2\/pages"}],"about":[{"href":"https:\/\/easd.es\/es\/wp-json\/wp\/v2\/types\/page"}],"author":[{"embeddable":true,"href":"https:\/\/easd.es\/es\/wp-json\/wp\/v2\/users\/3"}],"replies":[{"embeddable":true,"href":"https:\/\/easd.es\/es\/wp-json\/wp\/v2\/comments?post=7291"}],"version-history":[{"count":0,"href":"https:\/\/easd.es\/es\/wp-json\/wp\/v2\/pages\/7291\/revisions"}],"up":[{"embeddable":true,"href":"https:\/\/easd.es\/es\/wp-json\/wp\/v2\/pages\/3558"}],"wp:attachment":[{"href":"https:\/\/easd.es\/es\/wp-json\/wp\/v2\/media?parent=7291"}],"curies":[{"name":"wp","href":"https:\/\/api.w.org\/{rel}","templated":true}]}}